{"id":6513,"date":"2020-10-22T13:45:42","date_gmt":"2020-10-22T11:45:42","guid":{"rendered":"https:\/\/www.mgsalutintegral.com\/?page_id=6513"},"modified":"2026-01-16T14:24:56","modified_gmt":"2026-01-16T13:24:56","slug":"home","status":"publish","type":"page","link":"https:\/\/www.mgsalutintegral.com\/ca\/","title":{"rendered":"Home"},"content":{"rendered":"<div class=\"wpb-content-wrapper\"><p>[vc_row][vc_column][rev_slider_vc alias=&#8221;home-8-1&#8243; enable_paspartu=&#8221;no&#8221;][\/vc_column][\/vc_row][vc_row row_content_width=&#8221;grid&#8221; content_text_aligment=&#8221;center&#8221; css=&#8221;.vc_custom_1599033229639{padding-top: 100px !important;padding-bottom: 80px !important;}&#8221;][vc_column]<div class=\"mkdf-elements-holder   mkdf-one-column  mkdf-responsive-mode-768 \" ><div class=\"mkdf-eh-item    \"  data-item-class=\"mkdf-eh-custom-6060\" data-1025-1366=\"0 17%\" data-769-1024=\"0 3%\" data-681-768=\"0 2%\" data-680=\"0 6%\">\n\t<div class=\"mkdf-eh-item-inner\">\n\t\t<div class=\"mkdf-eh-item-content mkdf-eh-custom-6060\" style=\"padding: 0 15%\">\n\t\t\t<div class=\"mkdf-section-title-holder  mkdf-st-standard mkdf-st-title-left mkdf-st-normal-space \" style=\"text-align: center\">\n\t<div class=\"mkdf-st-inner\">\n\t\t\t\t\t<h2 class=\"mkdf-st-title\" >\n\t\t\t\tMG SALUT INTEGRAL\t\t\t<\/h2>\n\t\t                    <div class=\"mkdf-separator-holder clearfix  mkdf-separator-center \">\n\t<div class=\"mkdf-separator\" style=\"border-color: #0189b9;width: 60px;border-bottom-width: 5px;margin-top: 16px;margin-bottom: 13px\"><\/div>\n<\/div>\n        \t\t\t\t\t<h2 class=\"mkdf-st-text\" style=\"color: #0189b9;font-size: 25px;line-height: 31px;font-weight: 400\">\n\t\t\t\tAjudam persones de totes les edats a recuperar les capacitats \u00f2ptimes del seu cos i a millorar la qualitat de vida a trav\u00e9s de la fisioter\u00e0pia, l\u2019 osteopatia i l\u2019assessorament nutricional.\t\t\t<\/h2>\n\t\t\t<\/div>\n<\/div>[vc_column_text]<\/p>\n<p style=\"text-align: center; font-size: 18px;\"><span style=\"color: #626262;\">Som un centre multidisciplinar de prevenci\u00f3, promoci\u00f3, recuperaci\u00f3 i manteniment de la salut<\/span><\/p>\n<p>[\/vc_column_text]\t\t<\/div>\n\t<\/div>\n<\/div><\/div>[vc_images_carousel images=&#8221;6539,6540,6546,6541&#8243; img_size=&#8221;full&#8221; autoplay=&#8221;yes&#8221; wrap=&#8221;yes&#8221; css=&#8221;.vc_custom_1603110398476{margin-top: 30px !important;}&#8221;][\/vc_column][\/vc_row][vc_row simple_background_color=&#8221;#2f3241&#8243;][vc_column css=&#8221;.vc_custom_1527596345814{margin-right: 0px !important;padding-right: 0px !important;}&#8221; offset=&#8221;vc_col-lg-6&#8243;]<div class=\"mkdf-elements-holder   mkdf-one-column  mkdf-responsive-mode-768 \" ><div class=\"mkdf-eh-item    \" style=\"background-image: url(https:\/\/www.mgsalutintegral.com\/wp-content\/uploads\/2020\/10\/Loles-MG-Home_Soluciones-personalizadas-para-alcanzar-el-bienestar.jpg)\" data-item-class=\"mkdf-eh-custom-5359\" data-1367-1600=\"258px 0\" data-1025-1366=\"245px 0\" data-769-1024=\"360px 0\" data-681-768=\"285px 0\" data-680=\"155px 0\">\n\t<div class=\"mkdf-eh-item-inner\">\n\t\t<div class=\"mkdf-eh-item-content mkdf-eh-custom-5359\" style=\"padding: 325px 0\">\n\t\t\t\t\t<\/div>\n\t<\/div>\n<\/div><\/div>[\/vc_column][vc_column css=&#8221;.vc_custom_1599035176193{margin-left: 0px !important;padding-left: 0px !important;background-color: #2f3241 !important;}&#8221; offset=&#8221;vc_col-lg-6&#8243;]<div class=\"mkdf-elements-holder   mkdf-one-column  mkdf-responsive-mode-768 \" ><div class=\"mkdf-eh-item    \"  data-item-class=\"mkdf-eh-custom-6402\" data-1367-1600=\"38px 9% 109px 10%\" data-1025-1366=\"12px 16% 80px 12%\" data-769-1024=\"110px 30% 180px 13%\" data-681-768=\"110px 15% 180px 13%\" data-680=\"60px 5% 130px 13%\">\n\t<div class=\"mkdf-eh-item-inner\">\n\t\t<div class=\"mkdf-eh-item-content mkdf-eh-custom-6402\" style=\"padding: 70px 30% 70px 12%\">\n\t\t\t[vc_column_text]<\/p>\n<h3 style=\"color: #ffffff;\">SOLUCIONS PERSONALITZADES PER A ASSOLIR EL BENESTAR<\/h3>\n<p>[\/vc_column_text][vc_empty_space height=&#8221;12px&#8221;][vc_column_text]A MG Salut Integral pensam que la salut pot recuperar-se, mantenir-se i fins i tot millorar mitjan\u00e7ant la cura adequada. Una cura que ha de ser diferent per a cada persona i que a tots ens proporciona els mateixos beneficis: un major benestar i una vida m\u00e9s plena.<\/p>\n<p>Eliminar el dolor \u00e9s, evidentment, un dels teus objectius. I per a nosaltres tamb\u00e9. Aix\u00ed i tot, cal tenir en compte que el dolor \u00e9s un s\u00edmptoma que ens avisa que l\u2019estructura que pateix pot estar treballant en disfunci\u00f3. Per tant, la nostra prioritat ser\u00e0 aclarir la causa del dolor i tractar-lo des de l\u2019origen per a evitar que reaparegui.[\/vc_column_text]\t\t<\/div>\n\t<\/div>\n<\/div><\/div>[\/vc_column][\/vc_row][vc_row row_content_width=&#8221;grid&#8221; content_text_aligment=&#8221;center&#8221; css=&#8221;.vc_custom_1599036265741{padding-top: 80px !important;padding-bottom: 40px !important;}&#8221;][vc_column]<div class=\"mkdf-section-title-holder  mkdf-st-standard mkdf-st-title-left mkdf-st-normal-space \" >\n\t<div class=\"mkdf-st-inner\">\n\t\t\t\t\t<h2 class=\"mkdf-st-title\" >\n\t\t\t\tServeis\t\t\t<\/h2>\n\t\t                    <div class=\"mkdf-separator-holder clearfix  mkdf-separator-center \">\n\t<div class=\"mkdf-separator\" style=\"border-color: #007cba;width: 40px;border-bottom-width: 5px;margin-top: 23px;margin-bottom: 13px\"><\/div>\n<\/div>\n        \t\t\t\t\t<p class=\"mkdf-st-text\" style=\"font-size: 19px;line-height: 30px;font-weight: 400\">\n\t\t\t\tSalut integral significa visi\u00f3 global i tenir a la teva disposici\u00f3 i en un mateix empla\u00e7ament professionals de disciplines complement\u00e0ries que cercaran la forma perqu\u00e8 puguis trobar el m\u00e0xim benestar treballant de forma conjunta per a tu.\t\t\t<\/p>\n\t\t\t<\/div>\n<\/div>[\/vc_column][\/vc_row][vc_row row_content_width=&#8221;grid&#8221; css=&#8221;.vc_custom_1599036919260{padding-top: 20px !important;padding-bottom: 60px !important;}&#8221;][vc_column offset=&#8221;vc_col-lg-4&#8243;]<div class=\"mkdf-single-image-holder   mkdf-image-behavior-custom-link\">\n    <div class=\"mkdf-si-inner\" >\n        \t            <a itemprop=\"url\" href=\"https:\/\/www.mgsalutintegral.com\/ca\/fisioterapia\/\" target=\"_self\">\n                                    <img loading=\"lazy\" decoding=\"async\" width=\"800\" height=\"531\" src=\"https:\/\/www.mgsalutintegral.com\/wp-content\/uploads\/2020\/09\/fisioterqapia.jpg\" class=\"attachment-full size-full\" alt=\"fisioterapia\" srcset=\"https:\/\/www.mgsalutintegral.com\/wp-content\/uploads\/2020\/09\/fisioterqapia.jpg 800w, https:\/\/www.mgsalutintegral.com\/wp-content\/uploads\/2020\/09\/fisioterqapia-300x199.jpg 300w, https:\/\/www.mgsalutintegral.com\/wp-content\/uploads\/2020\/09\/fisioterqapia-768x510.jpg 768w, https:\/\/www.mgsalutintegral.com\/wp-content\/uploads\/2020\/09\/fisioterqapia-600x398.jpg 600w\" sizes=\"auto, (max-width: 800px) 100vw, 800px\" \/>                                <\/a>\n            <\/div>\n<\/div><div class=\"mkdf-elements-holder   mkdf-one-column  mkdf-responsive-mode-768 \" ><div class=\"mkdf-eh-item    \"  data-item-class=\"mkdf-eh-custom-9711\" data-1025-1366=\"0px 6% 0px 0px\" data-680=\"4px 15% 15px 0\">\n\t<div class=\"mkdf-eh-item-inner\">\n\t\t<div class=\"mkdf-eh-item-content mkdf-eh-custom-9711\" style=\"padding: 18px 2% 15px 2%\">\n\t\t\t<div class=\"mkdf-section-title-holder  mkdf-st-standard mkdf-st-title-left mkdf-st-normal-space \" >\n\t<div class=\"mkdf-st-inner\">\n\t\t\t\t\t<h3 class=\"mkdf-st-title\" >\n\t\t\t\tFisioter\u00e0pia\t\t\t<\/h3>\n\t\t                    <div class=\"mkdf-separator-holder clearfix  mkdf-separator-left \">\n\t<div class=\"mkdf-separator\" style=\"width: 40px;border-bottom-width: 5px;margin-top: 23px;margin-bottom: 13px\"><\/div>\n<\/div>\n        \t\t\t\t\t<p class=\"mkdf-st-text\" >\n\t\t\t\tPenses que tenir dolor \u00e9s ``normal``? T\u2019has acostumat a moure\u2019t amb dolor o, pitjor encara, tens por de moure\u2019t? Aix\u00f2 fa que et sentis envellit? A MG Salut Integral podem ajudar-te a recuperar, millorar i potenciar la salut.\t\t\t<\/p>\n\t\t\t<\/div>\n<\/div>[vc_empty_space height=&#8221;22px&#8221;]<a itemprop=\"url\" href=\"https:\/\/www.mgsalutintegral.com\/ca\/fisioterapia\/\" target=\"_self\"  class=\"mkdf-btn mkdf-btn-medium mkdf-btn-solid mkdf-btn-custom-hover-bg mkdf-btn-custom-border-hover\" data-hover-bg-color=\"#e85196\" data-hover-border-color=\"#e85196\" >\n    <span class=\"mkdf-btn-text\">PER A SABER-NE M\u00c9S<\/span>\n    <\/a>\t\t<\/div>\n\t<\/div>\n<\/div><\/div>[vc_empty_space][\/vc_column][vc_column offset=&#8221;vc_col-lg-4&#8243;]<div class=\"mkdf-single-image-holder   mkdf-image-behavior-custom-link\">\n    <div class=\"mkdf-si-inner\" >\n        \t            <a itemprop=\"url\" href=\"https:\/\/www.mgsalutintegral.com\/ca\/fisioterapia-dermatofuncional\/\" target=\"_self\">\n                                    <img loading=\"lazy\" decoding=\"async\" width=\"800\" height=\"531\" src=\"https:\/\/www.mgsalutintegral.com\/wp-content\/uploads\/2020\/09\/Fisioterapia-dermatofuncional-3.jpg\" class=\"attachment-full size-full\" alt=\"Fisioterapia dermatofuncional\" srcset=\"https:\/\/www.mgsalutintegral.com\/wp-content\/uploads\/2020\/09\/Fisioterapia-dermatofuncional-3.jpg 800w, https:\/\/www.mgsalutintegral.com\/wp-content\/uploads\/2020\/09\/Fisioterapia-dermatofuncional-3-300x199.jpg 300w, https:\/\/www.mgsalutintegral.com\/wp-content\/uploads\/2020\/09\/Fisioterapia-dermatofuncional-3-768x510.jpg 768w, https:\/\/www.mgsalutintegral.com\/wp-content\/uploads\/2020\/09\/Fisioterapia-dermatofuncional-3-600x398.jpg 600w\" sizes=\"auto, (max-width: 800px) 100vw, 800px\" \/>                                <\/a>\n            <\/div>\n<\/div><div class=\"mkdf-elements-holder   mkdf-one-column  mkdf-responsive-mode-768 \" ><div class=\"mkdf-eh-item    \"  data-item-class=\"mkdf-eh-custom-8367\" data-1025-1366=\"0px 6% 0px 0px\" data-680=\"4px 15% 15px 0\">\n\t<div class=\"mkdf-eh-item-inner\">\n\t\t<div class=\"mkdf-eh-item-content mkdf-eh-custom-8367\" style=\"padding: 18px 2% 15px 2%\">\n\t\t\t<div class=\"mkdf-section-title-holder  mkdf-st-standard mkdf-st-title-left mkdf-st-normal-space \" >\n\t<div class=\"mkdf-st-inner\">\n\t\t\t\t\t<h3 class=\"mkdf-st-title\" >\n\t\t\t\tFisioter\u00e0pia dermatofuncional\t\t\t<\/h3>\n\t\t                    <div class=\"mkdf-separator-holder clearfix  mkdf-separator-left \">\n\t<div class=\"mkdf-separator\" style=\"width: 40px;border-bottom-width: 5px;margin-top: 23px;margin-bottom: 13px\"><\/div>\n<\/div>\n        \t\t\t\t\t<p class=\"mkdf-st-text\" >\n\t\t\t\tTens una cicatriu que et limita la mobilitat? Notes les cames cansades? Tens problemes de circulaci\u00f3? \u00bfRetenci\u00f3 de l\u00edquids? Acumulaci\u00f3 localitzada de greixos? Amb la fisioter\u00e0pia dermatofuncional retornam la funci\u00f3 correcta als teixits des de l\u2019interior, perqu\u00e8 es reflecteixi a l\u2019exterior. Treballam funci\u00f3 i bellesa.\t\t\t<\/p>\n\t\t\t<\/div>\n<\/div>[vc_empty_space height=&#8221;22px&#8221;]<a itemprop=\"url\" href=\"https:\/\/www.mgsalutintegral.com\/ca\/fisioterapia-dermatofuncional\/\" target=\"_self\"  class=\"mkdf-btn mkdf-btn-medium mkdf-btn-solid mkdf-btn-custom-hover-bg mkdf-btn-custom-border-hover\" data-hover-bg-color=\"#e85196\" data-hover-border-color=\"#e85196\" >\n    <span class=\"mkdf-btn-text\">PER A SABER-NE M\u00c9S<\/span>\n    <\/a>\t\t<\/div>\n\t<\/div>\n<\/div><\/div>[vc_empty_space][\/vc_column][vc_column offset=&#8221;vc_col-lg-4&#8243;]<div class=\"mkdf-single-image-holder   mkdf-image-behavior-custom-link\">\n    <div class=\"mkdf-si-inner\" >\n        \t            <a itemprop=\"url\" href=\"https:\/\/www.mgsalutintegral.com\/ca\/osteopatia\/\" target=\"_self\">\n                                    <img loading=\"lazy\" decoding=\"async\" width=\"800\" height=\"531\" src=\"https:\/\/www.mgsalutintegral.com\/wp-content\/uploads\/2020\/09\/osteopatia-1.jpg\" class=\"attachment-full size-full\" alt=\"osteopatia\" srcset=\"https:\/\/www.mgsalutintegral.com\/wp-content\/uploads\/2020\/09\/osteopatia-1.jpg 800w, https:\/\/www.mgsalutintegral.com\/wp-content\/uploads\/2020\/09\/osteopatia-1-300x199.jpg 300w, https:\/\/www.mgsalutintegral.com\/wp-content\/uploads\/2020\/09\/osteopatia-1-768x510.jpg 768w, https:\/\/www.mgsalutintegral.com\/wp-content\/uploads\/2020\/09\/osteopatia-1-600x398.jpg 600w\" sizes=\"auto, (max-width: 800px) 100vw, 800px\" \/>                                <\/a>\n            <\/div>\n<\/div><div class=\"mkdf-elements-holder   mkdf-one-column  mkdf-responsive-mode-768 \" ><div class=\"mkdf-eh-item    \"  data-item-class=\"mkdf-eh-custom-2392\" data-1025-1366=\"0px 6% 0px 0px\" data-680=\"4px 15% 15px 0\">\n\t<div class=\"mkdf-eh-item-inner\">\n\t\t<div class=\"mkdf-eh-item-content mkdf-eh-custom-2392\" style=\"padding: 18px 2% 15px 2%\">\n\t\t\t<div class=\"mkdf-section-title-holder  mkdf-st-standard mkdf-st-title-left mkdf-st-normal-space \" >\n\t<div class=\"mkdf-st-inner\">\n\t\t\t\t\t<h3 class=\"mkdf-st-title\" >\n\t\t\t\tOsteopatia\t\t\t<\/h3>\n\t\t                    <div class=\"mkdf-separator-holder clearfix  mkdf-separator-left \">\n\t<div class=\"mkdf-separator\" style=\"width: 40px;border-bottom-width: 5px;margin-top: 23px;margin-bottom: 13px\"><\/div>\n<\/div>\n        \t\t\t\t\t<p class=\"mkdf-st-text\" >\n\t\t\t\tAmb l\u2019osteopatia podem tractar des de la migranya fins a un colze de tenista, passant per un dolor d\u2019esquena, una espatla adolorida, mol\u00e8sties digestives o ajudar-te a adaptar millor els canvis posturals i pelvians que van apareixent durant l\u2019embar\u00e0s. Cercam l\u2019origen primari de la lesi\u00f3 i el corregim. Treballam des de l\u2019estructura \u00f2ssia, des de les v\u00edsceres i\/o des del sistema craniosacre.\t\t\t<\/p>\n\t\t\t<\/div>\n<\/div>[vc_empty_space height=&#8221;22px&#8221;]<a itemprop=\"url\" href=\"https:\/\/www.mgsalutintegral.com\/ca\/osteopatia\/\" target=\"_self\"  class=\"mkdf-btn mkdf-btn-medium mkdf-btn-solid mkdf-btn-custom-hover-bg mkdf-btn-custom-border-hover\" data-hover-bg-color=\"#e85196\" data-hover-border-color=\"#e85196\" >\n    <span class=\"mkdf-btn-text\">PER A SABER-NE M\u00c9S<\/span>\n    <\/a>\t\t<\/div>\n\t<\/div>\n<\/div><\/div>[vc_empty_space][\/vc_column][\/vc_row][vc_row content_placement=&#8221;top&#8221; disable_element=&#8221;yes&#8221; row_content_width=&#8221;grid&#8221; css=&#8221;.vc_custom_1658386418575{padding-top: 20px !important;padding-bottom: 60px !important;}&#8221;][vc_column width=&#8221;1\/3&#8243; offset=&#8221;vc_col-lg-4&#8243;]<div class=\"mkdf-single-image-holder   mkdf-image-behavior-custom-link\">\n    <div class=\"mkdf-si-inner\" >\n        \t            <a itemprop=\"url\" href=\"https:\/\/www.mgsalutintegral.com\/ca\/exercici-terapeutic-dirigit\/\" target=\"_self\">\n                                    <img loading=\"lazy\" decoding=\"async\" width=\"800\" height=\"531\" src=\"https:\/\/www.mgsalutintegral.com\/wp-content\/uploads\/2020\/09\/Entrenamiento-terapeutico-dirigido-3.jpg\" class=\"attachment-full size-full\" alt=\"Entrenamiento terape\u00fatico dirigido\" srcset=\"https:\/\/www.mgsalutintegral.com\/wp-content\/uploads\/2020\/09\/Entrenamiento-terapeutico-dirigido-3.jpg 800w, https:\/\/www.mgsalutintegral.com\/wp-content\/uploads\/2020\/09\/Entrenamiento-terapeutico-dirigido-3-300x199.jpg 300w, https:\/\/www.mgsalutintegral.com\/wp-content\/uploads\/2020\/09\/Entrenamiento-terapeutico-dirigido-3-768x510.jpg 768w, https:\/\/www.mgsalutintegral.com\/wp-content\/uploads\/2020\/09\/Entrenamiento-terapeutico-dirigido-3-600x398.jpg 600w\" sizes=\"auto, (max-width: 800px) 100vw, 800px\" \/>                                <\/a>\n            <\/div>\n<\/div><div class=\"mkdf-elements-holder   mkdf-one-column  mkdf-responsive-mode-768 \" ><div class=\"mkdf-eh-item    \"  data-item-class=\"mkdf-eh-custom-4193\" data-1025-1366=\"0px 6% 0px 0px\" data-680=\"4px 15% 15px 0\">\n\t<div class=\"mkdf-eh-item-inner\">\n\t\t<div class=\"mkdf-eh-item-content mkdf-eh-custom-4193\" style=\"padding: 18px 2% 15px 2%\">\n\t\t\t<div class=\"mkdf-section-title-holder  mkdf-st-standard mkdf-st-title-left mkdf-st-normal-space \" >\n\t<div class=\"mkdf-st-inner\">\n\t\t\t\t\t<h3 class=\"mkdf-st-title\" >\n\t\t\t\tExercici terap\u00e8utic dirigit\t\t\t<\/h3>\n\t\t                    <div class=\"mkdf-separator-holder clearfix  mkdf-separator-left \">\n\t<div class=\"mkdf-separator\" style=\"width: 40px;border-bottom-width: 5px;margin-top: 23px;margin-bottom: 13px\"><\/div>\n<\/div>\n        \t\t\t\t\t<p class=\"mkdf-st-text\" >\n\t\t\t\tT\u2019han diagnosticat cap lesi\u00f3 de columna i no saps com has de fer exercici sense fer-te mal? Tens dolor recurrent? \u00c9s possible aprendre a fer exercici per a disminuir la recurr\u00e8ncia! Et dissenyarem un pla de tractament personalitzat, t\u2019ensenyarem a dur-lo a la pr\u00e0ctica de manera correcta i et farem un seguiment continuat.\t\t\t<\/p>\n\t\t\t<\/div>\n<\/div>[vc_empty_space height=&#8221;22px&#8221;]<a itemprop=\"url\" href=\"https:\/\/www.mgsalutintegral.com\/ca\/exercici-terapeutic-dirigit\/\" target=\"_self\"  class=\"mkdf-btn mkdf-btn-medium mkdf-btn-solid mkdf-btn-custom-hover-bg mkdf-btn-custom-border-hover\" data-hover-bg-color=\"#e85196\" data-hover-border-color=\"#e85196\" >\n    <span class=\"mkdf-btn-text\">PER A SABER-NE M\u00c9S<\/span>\n    <\/a>\t\t<\/div>\n\t<\/div>\n<\/div><\/div>[vc_empty_space][\/vc_column][vc_column width=&#8221;1\/3&#8243; offset=&#8221;vc_col-lg-4&#8243;]\n<div class=\"wpcf7 no-js\" id=\"wpcf7-f6391-o1\" lang=\"en-US\" dir=\"ltr\" data-wpcf7-id=\"6391\">\n<div class=\"screen-reader-response\"><p role=\"status\" aria-live=\"polite\" aria-atomic=\"true\"><\/p> <ul><\/ul><\/div>\n<form action=\"\/ca\/wp-json\/wp\/v2\/pages\/6513#wpcf7-f6391-o1\" method=\"post\" class=\"wpcf7-form init\" aria-label=\"Contact form\" novalidate=\"novalidate\" data-status=\"init\">\n<fieldset class=\"hidden-fields-container\"><input type=\"hidden\" name=\"_wpcf7\" value=\"6391\" \/><input type=\"hidden\" name=\"_wpcf7_version\" value=\"6.1.5\" \/><input type=\"hidden\" name=\"_wpcf7_locale\" value=\"en_US\" \/><input type=\"hidden\" name=\"_wpcf7_unit_tag\" value=\"wpcf7-f6391-o1\" \/><input type=\"hidden\" name=\"_wpcf7_container_post\" value=\"0\" \/><input type=\"hidden\" name=\"_wpcf7_posted_data_hash\" value=\"\" \/><input type=\"hidden\" name=\"_wpcf7_recaptcha_response\" value=\"\" \/>\n<\/fieldset>\n<div class=\"mkdf-booking-form light at4BookingForm\">\n\t<div>\n\t\t<div class=\"mkdf-bf-motto\">\n\t\t\t<h6>Demanar Cita\n\t\t\t<\/h6>\n\t\t<\/div>\n\t\t<div class=\"mkdf-bf-title\">\n\t\t\t<h5>Ens hi posam?\n\t\t\t<\/h5>\n\t\t<\/div>\n\t\t<div class=\"mkdf-grid-row mkdf-grid-tiny-gutter\">\n\t\t\t<p>Sol\u00b7licita la teva cita en l\u00ednia accedint al nostre formulari de cita pr\u00e8via\n\t\t\t<\/p>\n\t\t\t<div>\n\t\t\t\t<p><a id=\"submit_comment\" class=\"btnSubmit\" href=\"https:\/\/www.mgsalutintegral.com\/ca\/contacte\/\">Demanar Cita<\/a>\n\t\t\t\t<\/p>\n\t\t\t<\/div>\n\t\t<\/div>\n\t<\/div>\n<\/div><div class=\"wpcf7-response-output\" aria-hidden=\"true\"><\/div>\n<\/form>\n<\/div>\n[vc_empty_space][\/vc_column][vc_column width=&#8221;1\/3&#8243;]<div class=\"mkdf-single-image-holder   mkdf-image-behavior-custom-link\">\n    <div class=\"mkdf-si-inner\" >\n        \t            <a itemprop=\"url\" href=\"https:\/\/www.mgsalutintegral.com\/ca\/fisioterapia-i-readaptacio-esportiva\/\" target=\"_self\">\n                                    <img loading=\"lazy\" decoding=\"async\" width=\"800\" height=\"531\" src=\"https:\/\/www.mgsalutintegral.com\/wp-content\/uploads\/2020\/10\/Loles-MG-Home_Servicios_Fisioterapia-y-readaptacion-deportiva-2.jpg\" class=\"attachment-full size-full\" alt=\"Fisioterapeutas en Palma de Mallorca\" srcset=\"https:\/\/www.mgsalutintegral.com\/wp-content\/uploads\/2020\/10\/Loles-MG-Home_Servicios_Fisioterapia-y-readaptacion-deportiva-2.jpg 800w, https:\/\/www.mgsalutintegral.com\/wp-content\/uploads\/2020\/10\/Loles-MG-Home_Servicios_Fisioterapia-y-readaptacion-deportiva-2-300x199.jpg 300w, https:\/\/www.mgsalutintegral.com\/wp-content\/uploads\/2020\/10\/Loles-MG-Home_Servicios_Fisioterapia-y-readaptacion-deportiva-2-768x510.jpg 768w\" sizes=\"auto, (max-width: 800px) 100vw, 800px\" \/>                                <\/a>\n            <\/div>\n<\/div><div class=\"mkdf-elements-holder   mkdf-one-column  mkdf-responsive-mode-768 \" ><div class=\"mkdf-eh-item    \"  data-item-class=\"mkdf-eh-custom-1027\" data-1025-1366=\"0px 6% 0px 0px\" data-680=\"4px 15% 15px 0\">\n\t<div class=\"mkdf-eh-item-inner\">\n\t\t<div class=\"mkdf-eh-item-content mkdf-eh-custom-1027\" style=\"padding: 18px 2% 15px 2%\">\n\t\t\t<div class=\"mkdf-section-title-holder  mkdf-st-standard mkdf-st-title-left mkdf-st-normal-space \" >\n\t<div class=\"mkdf-st-inner\">\n\t\t\t\t\t<h3 class=\"mkdf-st-title\" >\n\t\t\t\tFisioter\u00e0pia i readaptaci\u00f3 esportiva\t\t\t<\/h3>\n\t\t                    <div class=\"mkdf-separator-holder clearfix  mkdf-separator-left \">\n\t<div class=\"mkdf-separator\" style=\"width: 40px;border-bottom-width: 5px;margin-top: 23px;margin-bottom: 13px\"><\/div>\n<\/div>\n        \t\t\t\t\t<p class=\"mkdf-st-text\" >\n\t\t\t\tSi ets esportista, la fisioter\u00e0pia es converteix en una necessitat. Nosaltres ens adaptam als teus ritmes i entrenaments. Perqu\u00e8 el teu cos funcioni com un rellotge su\u00eds, optimitzis l\u2019esfor\u00e7 i milloris el rendiment.\t\t\t<\/p>\n\t\t\t<\/div>\n<\/div>[vc_empty_space height=&#8221;22px&#8221;]<a itemprop=\"url\" href=\"https:\/\/www.mgsalutintegral.com\/ca\/fisioterapia-i-readaptacio-esportiva\/\" target=\"_self\"  class=\"mkdf-btn mkdf-btn-medium mkdf-btn-solid mkdf-btn-custom-hover-bg mkdf-btn-custom-border-hover\" data-hover-bg-color=\"#e85196\" data-hover-border-color=\"#e85196\" >\n    <span class=\"mkdf-btn-text\">PER A SABER-NE M\u00c9S<\/span>\n    <\/a>\t\t<\/div>\n\t<\/div>\n<\/div><\/div>[vc_empty_space][\/vc_column][\/vc_row][vc_row gap=&#8221;30&#8243; content_placement=&#8221;middle&#8221; row_content_width=&#8221;grid&#8221; content_text_aligment=&#8221;left&#8221; css=&#8221;.vc_custom_1599474415251{margin-top: 5px !important;margin-bottom: 70px !important;}&#8221;][vc_column offset=&#8221;vc_col-lg-6&#8243;][vc_single_image image=&#8221;6543&#8243; img_size=&#8221;full&#8221; alignment=&#8221;center&#8221;][\/vc_column][vc_column offset=&#8221;vc_col-lg-6&#8243;][vc_column_text]<\/p>\n<h3><strong>RESULTATS M\u00c9S R\u00c0PIDS<\/strong><\/h3>\n<p>Hi ha avan\u00e7os t\u00e8cnics que suposen un gran ajut per a tu i per a nosaltres. La tecarter\u00e0pia n\u2019\u00e9s un.<\/p>\n<p>La tecarter\u00e0pia penetra a la superf\u00edcie de la pell i transfereix energia al focus de la lesi\u00f3. Els teixits milloren la circulaci\u00f3 sangu\u00ednia i l\u2019aportaci\u00f3 d\u2019oxigen per a accelerar la recuperaci\u00f3. \u00c9s segura, no invasiva (s\u2019aplica sobre la pell) i \u00e9s completament indolora.<\/p>\n<p>Els esportistes acceleren l\u2019aportaci\u00f3 d\u2019oxigen i sang als m\u00fasculs a trav\u00e9s de l\u2019aplicaci\u00f3 de la tecarter\u00e0pia abans de la pr\u00e0ctica esportiva, i aix\u00ed milloren el rendiment.<\/p>\n<p>Despr\u00e9s de la competici\u00f3, accelera el temps de recuperaci\u00f3 de l\u2019atleta estimulant l\u2019eliminaci\u00f3 de l\u2019\u00e0cid l\u00e0ctic. I redueix el temps de convalesc\u00e8ncia per les lesions.<\/p>\n<p>Ofereix tamb\u00e9 grans resultats en patologia musculotendinosa i osteoarticular i en el camp dermatofuncional i de l\u2019est\u00e8tica.<\/p>\n<p>Els pacients que l\u2019han experimentada n\u2019estan encantats!<\/p>\n<p>[\/vc_column_text][\/vc_column][\/vc_row][vc_row gap=&#8221;20&#8243; content_placement=&#8221;middle&#8221; row_content_width=&#8221;grid&#8221; content_text_aligment=&#8221;left&#8221; css=&#8221;.vc_custom_1599221379200{padding-top: 75px !important;padding-bottom: 75px !important;}&#8221; simple_background_color=&#8221;#f2f2f2&#8243;][vc_column width=&#8221;2\/3&#8243;][vc_column_text]<\/p>\n<blockquote>\n<h3 style=\"text-align: left;\">Nom\u00e9s duc 3 sessions de radiofreq\u00fc\u00e8ncia i ja he notat grans canvis.<\/h3>\n<\/blockquote>\n<p>[\/vc_column_text][vc_empty_space height=&#8221;18px&#8221;][vc_column_text]<strong><em>&#8220;Tenia una petita di\u00e0stasi abdominal per embar\u00e0s i una cicatriu de ces\u00e0ria aferrada al teixit i un poc molestar perqu\u00e8 no em permetia gaire moviment. Actualment, nom\u00e9s duc 3 sessions de radiofreq\u00fc\u00e8ncia i ja he notat grans canvis en el color de la pell i el moviment de d\u2019abdomen i la zona de la cicatriu.&#8221;<\/em><\/strong><\/p>\n<h5>\u2014 Cecilia S.<\/h5>\n<p>[\/vc_column_text][\/vc_column][vc_column width=&#8221;1\/3&#8243;][vc_single_image image=&#8221;6545&#8243; img_size=&#8221;full&#8221; alignment=&#8221;center&#8221;][\/vc_column][\/vc_row][vc_row simple_background_color=&#8221;#2f3241&#8243;][vc_column css=&#8221;.vc_custom_1600672384671{margin-right: 0px !important;padding-right: 0px !important;}&#8221; offset=&#8221;vc_col-lg-6&#8243;][vc_single_image image=&#8221;6045&#8243; img_size=&#8221;full&#8221; alignment=&#8221;center&#8221;][\/vc_column][vc_column css=&#8221;.vc_custom_1599209565082{margin-left: 0px !important;padding-left: 0px !important;background-color: #2f3241 !important;}&#8221; offset=&#8221;vc_col-lg-6&#8243;]<div class=\"mkdf-elements-holder   mkdf-one-column  mkdf-responsive-mode-768 \" ><div class=\"mkdf-eh-item    \"  data-item-class=\"mkdf-eh-custom-1358\" data-1367-1600=\"38px 9% 109px 10%\" data-1025-1366=\"12px 16% 80px 12%\" data-769-1024=\"110px 30% 180px 13%\" data-681-768=\"110px 15% 180px 13%\" data-680=\"60px 5% 130px 13%\">\n\t<div class=\"mkdf-eh-item-inner\">\n\t\t<div class=\"mkdf-eh-item-content mkdf-eh-custom-1358\" style=\"padding: 60px 25% 60px 10%\">\n\t\t\t[vc_column_text]<\/p>\n<h3><span style=\"color: #f0f0f0;\"><strong>QUI SOM?<\/strong><\/span><\/h3>\n<p><span style=\"color: #ffffff;\">MG Salut Integral va comen\u00e7ar com un centre de fisioter\u00e0pia. Aix\u00ed i tot, Dolors Molero ben aviat es va adonar que podia fer m\u00e9s.<\/span><\/p>\n<p>Las necessitats dels pacients anaven m\u00e9s enll\u00e0 de la fisioter\u00e0pia, i volia poder oferir un servei de salut que englob\u00e0s un ventall m\u00e9s ampli de disciplines. Per aix\u00f2, va decidir fer un pas endavant i convertir-lo en un centre de salut en qu\u00e8 s\u2019unissin professionals de diferents branques sanit\u00e0ries complement\u00e0ries a la fisioter\u00e0pia amb l\u2019objectiu d\u2019ajuda m\u00e9s gent a recuperar el benestar.<\/p>\n<h4><span style=\"color: #f0f0f0;\">\u00a0<\/span><\/h4>\n<p>[\/vc_column_text]<a itemprop=\"url\" href=\"https:\/\/www.mgsalutintegral.com\/ca\/qui-som\/\" target=\"_self\"  class=\"mkdf-btn mkdf-btn-medium mkdf-btn-solid mkdf-btn-custom-hover-bg mkdf-btn-custom-border-hover\" data-hover-bg-color=\"#e85196\" data-hover-border-color=\"#e85196\" >\n    <span class=\"mkdf-btn-text\">PER A SABER-NE M\u00c9S<\/span>\n    <\/a>\t\t<\/div>\n\t<\/div>\n<\/div><\/div>[\/vc_column][\/vc_row]<\/p>\n<\/div>","protected":false},"excerpt":{"rendered":"<p>[vc_row][vc_column][rev_slider_vc alias=&#8221;home-8-1&#8243; enable_paspartu=&#8221;no&#8221;][\/vc_column][\/vc_row][vc_row row_content_width=&#8221;grid&#8221; content_text_aligment=&#8221;center&#8221; css=&#8221;.vc_custom_1599033229639{padding-top: 100px !important;padding-bottom: 80px !important;}&#8221;][vc_column][vc_images_carousel images=&#8221;6539,6540,6546,6541&#8243; img_size=&#8221;full&#8221; autoplay=&#8221;yes&#8221; wrap=&#8221;yes&#8221; css=&#8221;.vc_custom_1603110398476{margin-top: 30px !important;}&#8221;][\/vc_column][\/vc_row][vc_row simple_background_color=&#8221;#2f3241&#8243;][vc_column css=&#8221;.vc_custom_1527596345814{margin-right: 0px !important;padding-right: 0px !important;}&#8221; offset=&#8221;vc_col-lg-6&#8243;][\/vc_column][vc_column css=&#8221;.vc_custom_1599035176193{margin-left: 0px !important;padding-left: 0px !important;background-color: #2f3241 !important;}&#8221; offset=&#8221;vc_col-lg-6&#8243;][\/vc_column][\/vc_row][vc_row row_content_width=&#8221;grid&#8221; content_text_aligment=&#8221;center&#8221; css=&#8221;.vc_custom_1599036265741{padding-top: 80px !important;padding-bottom: 40px !important;}&#8221;][vc_column][\/vc_column][\/vc_row][vc_row row_content_width=&#8221;grid&#8221; css=&#8221;.vc_custom_1599036919260{padding-top: 20px !important;padding-bottom: 60px !important;}&#8221;][vc_column offset=&#8221;vc_col-lg-4&#8243;][vc_empty_space][\/vc_column][vc_column offset=&#8221;vc_col-lg-4&#8243;][vc_empty_space][\/vc_column][vc_column offset=&#8221;vc_col-lg-4&#8243;][vc_empty_space][\/vc_column][\/vc_row][vc_row content_placement=&#8221;top&#8221; disable_element=&#8221;yes&#8221; row_content_width=&#8221;grid&#8221; css=&#8221;.vc_custom_1658386418575{padding-top: 20px !important;padding-bottom: 60px !important;}&#8221;][vc_column width=&#8221;1\/3&#8243; offset=&#8221;vc_col-lg-4&#8243;][vc_empty_space][\/vc_column][vc_column width=&#8221;1\/3&#8243; offset=&#8221;vc_col-lg-4&#8243;][vc_empty_space][\/vc_column][vc_column width=&#8221;1\/3&#8243;][vc_empty_space][\/vc_column][\/vc_row][vc_row gap=&#8221;30&#8243; content_placement=&#8221;middle&#8221; row_content_width=&#8221;grid&#8221; content_text_aligment=&#8221;left&#8221; css=&#8221;.vc_custom_1599474415251{margin-top: 5px !important;margin-bottom: 70px !important;}&#8221;][vc_column [&hellip;]<\/p>\n","protected":false},"author":6,"featured_media":6547,"parent":0,"menu_order":0,"comment_status":"closed","ping_status":"closed","template":"full-width.php","meta":{"_joinchat":[],"footnotes":""},"class_list":["post-6513","page","type-page","status-publish","has-post-thumbnail","hentry"],"aioseo_notices":[],"_links":{"self":[{"href":"https:\/\/www.mgsalutintegral.com\/ca\/wp-json\/wp\/v2\/pages\/6513","targetHints":{"allow":["GET"]}}],"collection":[{"href":"https:\/\/www.mgsalutintegral.com\/ca\/wp-json\/wp\/v2\/pages"}],"about":[{"href":"https:\/\/www.mgsalutintegral.com\/ca\/wp-json\/wp\/v2\/types\/page"}],"author":[{"embeddable":true,"href":"https:\/\/www.mgsalutintegral.com\/ca\/wp-json\/wp\/v2\/users\/6"}],"replies":[{"embeddable":true,"href":"https:\/\/www.mgsalutintegral.com\/ca\/wp-json\/wp\/v2\/comments?post=6513"}],"version-history":[{"count":14,"href":"https:\/\/www.mgsalutintegral.com\/ca\/wp-json\/wp\/v2\/pages\/6513\/revisions"}],"predecessor-version":[{"id":7098,"href":"https:\/\/www.mgsalutintegral.com\/ca\/wp-json\/wp\/v2\/pages\/6513\/revisions\/7098"}],"wp:featuredmedia":[{"embeddable":true,"href":"https:\/\/www.mgsalutintegral.com\/ca\/wp-json\/wp\/v2\/media\/6547"}],"wp:attachment":[{"href":"https:\/\/www.mgsalutintegral.com\/ca\/wp-json\/wp\/v2\/media?parent=6513"}],"curies":[{"name":"wp","href":"https:\/\/api.w.org\/{rel}","templated":true}]}}