{"id":6504,"date":"2020-10-22T13:35:45","date_gmt":"2020-10-22T11:35:45","guid":{"rendered":"https:\/\/www.mgsalutintegral.com\/?page_id=6504"},"modified":"2020-12-21T11:57:57","modified_gmt":"2020-12-21T10:57:57","slug":"contacte","status":"publish","type":"page","link":"https:\/\/www.mgsalutintegral.com\/ca\/contacte\/","title":{"rendered":"Contacte"},"content":{"rendered":"<div class=\"wpb-content-wrapper\"><p>[vc_row content_placement=&#8221;top&#8221; row_content_width=&#8221;grid&#8221; css=&#8221;.vc_custom_1529494500154{padding-top: 128px !important;padding-bottom: 106px !important;}&#8221;][vc_column width=&#8221;1\/2&#8243; offset=&#8221;vc_col-lg-offset-0 vc_col-lg-6 vc_col-md-offset-0 vc_col-md-6 vc_col-sm-offset-0 vc_col-xs-12&#8243; css=&#8221;.vc_custom_1599483674003{padding-right: 20px !important;}&#8221;][vc_column_text]<\/p>\n<h3>Qu\u00e8 necessites?<\/h3>\n<p>Posa\u2019t en contacte amb nosaltres i et respondrem en la major brevetat possible. Estudiarem el teu cas amb deteniment per a oferir-te la millor soluci\u00f3.<br \/>\n<span style=\"color: #404040;\">Adre\u00e7a::<\/span> <a href=\"https:\/\/www.google.com\/maps?ll=39.577161,2.71115&amp;z=14&amp;t=m&amp;hl=es&amp;gl=ES&amp;mapclient=embed&amp;cid=16148525745926888236\" target=\"_blank\" rel=\"noopener noreferrer\">Carrer dels Segadors, 5, baixos 07198 \u2013 Son Ferriol (Palma)<\/a><br \/>\n<a href=\"mailto:info@mgsalutintegral.com\">Email: <span style=\"color: #007cba;\">info@mgsalutintegral.com<\/span><\/a><\/p>\n<h4 style=\"font-weight: 600; color: #007cba; font-size: 22px;\">Tel\u00e8fon: <a href=\"tel:696 653 914\">696 653 914<\/a><\/h4>\n<p>[\/vc_column_text][vc_empty_space height=&#8221;15px&#8221;][vc_single_image image=&#8221;6315&#8243; img_size=&#8221;full&#8221;][\/vc_column][vc_column width=&#8221;1\/2&#8243; offset=&#8221;vc_col-lg-offset-0 vc_col-lg-6 vc_col-md-offset-0 vc_col-md-6 vc_col-sm-offset-0 vc_col-xs-12&#8243; css=&#8221;.vc_custom_1599483668436{padding-right: 20px !important;}&#8221;]\n<div class=\"wpcf7 no-js\" id=\"wpcf7-f6391-o1\" lang=\"en-US\" dir=\"ltr\" data-wpcf7-id=\"6391\">\n<div class=\"screen-reader-response\"><p role=\"status\" aria-live=\"polite\" aria-atomic=\"true\"><\/p> <ul><\/ul><\/div>\n<form action=\"\/ca\/wp-json\/wp\/v2\/pages\/6504#wpcf7-f6391-o1\" method=\"post\" class=\"wpcf7-form init\" aria-label=\"Contact form\" novalidate=\"novalidate\" data-status=\"init\">\n<fieldset class=\"hidden-fields-container\"><input type=\"hidden\" name=\"_wpcf7\" value=\"6391\" \/><input type=\"hidden\" name=\"_wpcf7_version\" value=\"6.1.5\" \/><input type=\"hidden\" name=\"_wpcf7_locale\" value=\"en_US\" \/><input type=\"hidden\" name=\"_wpcf7_unit_tag\" value=\"wpcf7-f6391-o1\" \/><input type=\"hidden\" name=\"_wpcf7_container_post\" value=\"0\" \/><input type=\"hidden\" name=\"_wpcf7_posted_data_hash\" value=\"\" \/><input type=\"hidden\" name=\"_wpcf7_recaptcha_response\" value=\"\" \/>\n<\/fieldset>\n<div class=\"mkdf-booking-form light at4BookingForm\">\n\t<div>\n\t\t<div class=\"mkdf-bf-motto\">\n\t\t\t<h6>Demanar Cita\n\t\t\t<\/h6>\n\t\t<\/div>\n\t\t<div class=\"mkdf-bf-title\">\n\t\t\t<h5>Ens hi posam?\n\t\t\t<\/h5>\n\t\t<\/div>\n\t\t<div class=\"mkdf-grid-row mkdf-grid-tiny-gutter\">\n\t\t\t<p>Sol\u00b7licita la teva cita en l\u00ednia accedint al nostre formulari de cita pr\u00e8via\n\t\t\t<\/p>\n\t\t\t<div>\n\t\t\t\t<p><a id=\"submit_comment\" class=\"btnSubmit\" href=\"https:\/\/www.mgsalutintegral.com\/ca\/contacte\/\">Demanar Cita<\/a>\n\t\t\t\t<\/p>\n\t\t\t<\/div>\n\t\t<\/div>\n\t<\/div>\n<\/div><div class=\"wpcf7-response-output\" aria-hidden=\"true\"><\/div>\n<\/form>\n<\/div>\n[vc_column_text]<\/p>\n<h5 style=\"font-size: 14px;\"><strong>CONSENTIMIENTO PARA EL TRATAMIENTO DE DATOS PERSONALES<\/strong><\/h5>\n<p style=\"font-size: 12px;\">Los datos recogidos en este formulario ser\u00e1n incorporados al fichero de MAR\u00cdA DOLORES MOLERO GARC\u00cdA como Responsable del tratamiento de conformidad con el GDPR y la LOPDGDD con la finalidad de mantener una relaci\u00f3n comercial. Puede ver la pol\u00edtica de privacidad en\u00a0<a href=\"https:\/\/www.mgsalutintegral.com\/politica-privacidad\/\" target=\"_blank\" rel=\"nofollow noopener noreferrer\">Pol\u00edtica de privacidad<\/a> y ejercer sus derechos en <a href=\"mailto:administracion@mgsalutintegral.com\">administracion@mgsalutintegral.com.<\/a><\/p>\n<hr \/>\n<p>[\/vc_column_text][\/vc_column][\/vc_row]<\/p>\n<\/div>","protected":false},"excerpt":{"rendered":"<p>[vc_row content_placement=&#8221;top&#8221; row_content_width=&#8221;grid&#8221; css=&#8221;.vc_custom_1529494500154{padding-top: 128px !important;padding-bottom: 106px !important;}&#8221;][vc_column width=&#8221;1\/2&#8243; offset=&#8221;vc_col-lg-offset-0 vc_col-lg-6 vc_col-md-offset-0 vc_col-md-6 vc_col-sm-offset-0 vc_col-xs-12&#8243; css=&#8221;.vc_custom_1599483674003{padding-right: 20px !important;}&#8221;][vc_column_text] Qu\u00e8 necessites? Posa\u2019t en contacte amb nosaltres i et respondrem en la major brevetat possible. Estudiarem el teu cas amb deteniment per a oferir-te la millor soluci\u00f3. Adre\u00e7a:: Carrer dels Segadors, 5, baixos 07198 \u2013 Son Ferriol (Palma) Email: info@mgsalutintegral.com Tel\u00e8fon: 696 653 914 [\/vc_column_text][vc_empty_space height=&#8221;15px&#8221;][vc_single_image image=&#8221;6315&#8243; img_size=&#8221;full&#8221;][\/vc_column][vc_column width=&#8221;1\/2&#8243; offset=&#8221;vc_col-lg-offset-0 vc_col-lg-6 vc_col-md-offset-0 [&hellip;]<\/p>\n","protected":false},"author":6,"featured_media":0,"parent":0,"menu_order":0,"comment_status":"closed","ping_status":"closed","template":"full-width.php","meta":{"_joinchat":[],"footnotes":""},"class_list":["post-6504","page","type-page","status-publish","hentry"],"aioseo_notices":[],"_links":{"self":[{"href":"https:\/\/www.mgsalutintegral.com\/ca\/wp-json\/wp\/v2\/pages\/6504","targetHints":{"allow":["GET"]}}],"collection":[{"href":"https:\/\/www.mgsalutintegral.com\/ca\/wp-json\/wp\/v2\/pages"}],"about":[{"href":"https:\/\/www.mgsalutintegral.com\/ca\/wp-json\/wp\/v2\/types\/page"}],"author":[{"embeddable":true,"href":"https:\/\/www.mgsalutintegral.com\/ca\/wp-json\/wp\/v2\/users\/6"}],"replies":[{"embeddable":true,"href":"https:\/\/www.mgsalutintegral.com\/ca\/wp-json\/wp\/v2\/comments?post=6504"}],"version-history":[{"count":5,"href":"https:\/\/www.mgsalutintegral.com\/ca\/wp-json\/wp\/v2\/pages\/6504\/revisions"}],"predecessor-version":[{"id":6774,"href":"https:\/\/www.mgsalutintegral.com\/ca\/wp-json\/wp\/v2\/pages\/6504\/revisions\/6774"}],"wp:attachment":[{"href":"https:\/\/www.mgsalutintegral.com\/ca\/wp-json\/wp\/v2\/media?parent=6504"}],"curies":[{"name":"wp","href":"https:\/\/api.w.org\/{rel}","templated":true}]}}