{"id":6440,"date":"2020-10-22T12:29:49","date_gmt":"2020-10-22T10:29:49","guid":{"rendered":"https:\/\/www.mgsalutintegral.com\/?page_id=6440"},"modified":"2026-01-04T22:12:41","modified_gmt":"2026-01-04T21:12:41","slug":"osteopatia","status":"publish","type":"page","link":"https:\/\/www.mgsalutintegral.com\/ca\/osteopatia\/","title":{"rendered":"Osteopatia"},"content":{"rendered":"<div class=\"wpb-content-wrapper\"><p>[vc_row row_content_width=&#8221;grid&#8221; css=&#8221;.vc_custom_1599137843697{padding-top: 85px !important;padding-bottom: 60px !important;}&#8221; simple_background_color=&#8221;#f2f2f2&#8243;][vc_column offset=&#8221;vc_col-lg-offset-0 vc_col-lg-12&#8243;]<div class=\"mkdf-section-title-holder  mkdf-st-standard mkdf-st-title-left mkdf-st-normal-space \" style=\"text-align: center\">\n\t<div class=\"mkdf-st-inner\">\n\t\t\t\t\t<h2 class=\"mkdf-st-title\" >\n\t\t\t\tT\u2019ajudam a millorar la qualitat de vida i a recuperar-te de les mol\u00e8sties f\u00edsiques o lesions cr\u00f2niques.\t\t\t<\/h2>\n\t\t                    <div class=\"mkdf-separator-holder clearfix  mkdf-separator-center \">\n\t<div class=\"mkdf-separator\" style=\"border-color: #0189b9;border-style: solid;width: 40px;border-bottom-width: 5px;margin-top: 24px;margin-bottom: 14px\"><\/div>\n<\/div>\n        \t\t\t<\/div>\n<\/div>[vc_empty_space height=&#8221;28px&#8221;]<div class=\"mkdf-call-to-action-holder  mkdf-simple-layout \">\n\t<div class=\"mkdf-cta-inner \">\n\t\t<div class=\"mkdf-cta-text-holder\">\n\t\t\t<div class=\"mkdf-cta-text\">\n<h4>\u201cTrobar la salut ha de ser l\u2019objectiu de l\u2019oste\u00f2pata: qualsevol pot trobar les malalties\u201d.<\/h4>\n<p>(A. Taylor Still, pare de l\u2019osteopatia)<\/div>\n\t\t<\/div>\n\t\t<div class=\"mkdf-cta-button-holder\" >\n\t\t\t<div class=\"mkdf-cta-button\"><a itemprop=\"url\" href=\"https:\/\/www.mgsalutintegral.com\/ca\/contacte\/\" target=\"_self\" style=\"color: #ffffff;background-color: #0189b9\" class=\"mkdf-btn mkdf-btn-medium mkdf-btn-solid mkdf-btn-custom-hover-bg mkdf-btn-custom-border-hover mkdf-btn-custom-hover-color\" data-hover-color=\"#ffffff\" data-hover-bg-color=\"#017ba8\" data-hover-border-color=\"#0178a3\" >    <span class=\"mkdf-btn-text\">Demanar Cita<\/span>    <\/a><\/div>\n\t\t<\/div>\n\t<\/div>\n<\/div>[\/vc_column][\/vc_row][vc_row gap=&#8221;30&#8243; content_placement=&#8221;middle&#8221; row_content_width=&#8221;grid&#8221; content_text_aligment=&#8221;left&#8221; css=&#8221;.vc_custom_1599139883661{margin-top: 30px !important;margin-bottom: 30px !important;}&#8221;][vc_column offset=&#8221;vc_col-lg-6&#8243;][vc_single_image image=&#8221;6446&#8243; img_size=&#8221;full&#8221; alignment=&#8221;center&#8221;][\/vc_column][vc_column offset=&#8221;vc_col-lg-6&#8243;][vc_column_text]<\/p>\n<h3><strong>Quin \u00e9s l\u2019objectiu de l\u2019osteopatia? <\/strong><\/h3>\n<p>L\u2019osteopatia \u00e9s la ci\u00e8ncia i l\u2019art de diagnosticar i tractar les disfuncions de mobilitat dels teixits del cos hum\u00e0.<\/p>\n<p>L\u2019objectiu final \u00e9s trobar el que anomenam lesi\u00f3 prim\u00e0ria: la que d\u00f3na origen a la disfunci\u00f3 o disfuncions i moltes vegades origina compensacions i\/o cadenes lesionals (de vegades a dist\u00e0ncia del punt dolor\u00f3s).<\/p>\n<p>D\u2019aquesta manera, tractant la lesi\u00f3 prim\u00e0ria arribam a la rel del problema i podem abordar-lo de forma global. Un fet clau, ja que totes les parts del cos s\u00f3n interdependents.<\/p>\n<p>L\u2019\u00fas de l\u2019osteopatia o la fisioter\u00e0pia \u00e9s una decisi\u00f3 que adoptam en el nostre centre sobre la base de l\u2019exhaustiva an\u00e0lisi inicial. Sempre optarem pel que millor s\u2019adapti al teu cas en concret.<\/p>\n<p>[\/vc_column_text][\/vc_column][\/vc_row][vc_row gap=&#8221;30&#8243; content_placement=&#8221;middle&#8221; row_content_width=&#8221;grid&#8221; content_text_aligment=&#8221;left&#8221; css=&#8221;.vc_custom_1599139887701{margin-top: 30px !important;margin-bottom: 30px !important;}&#8221;][vc_column offset=&#8221;vc_col-lg-6&#8243;][vc_column_text]<\/p>\n<h3><strong>Qu\u00e8 pot tractar un oste\u00f2pata?<\/strong><\/h3>\n<p>L\u2019osteopatia treballa des de les esferes cranial,\u00a0 visceral i estructural. \u00c9s a dir, que pot tractar la majoria de disfuncions dels sistemes musculoesquel\u00e8tics:<\/p>\n<ul>\n<li>Mal d\u2019esquena: cervic\u00e0lgia, dors\u00e0lgia, lumb\u00e0lgia.<\/li>\n<li>Parest\u00e8sies (formigueigs) o entumiment en bra\u00e7os, mans, cames, peus.<\/li>\n<li>Seguiment durant l\u2019embar\u00e0s: podem ajudar-te en l\u2019adaptaci\u00f3 de la columna i pevils en els canvis fisiol\u00f2gics i posturals.<\/li>\n<li>Processos tendinosos.<\/li>\n<li>Esquin\u00e7os.<\/li>\n<li>Estr\u00e8s.<\/li>\n<li>Cefalees i migranyes tensionals.<\/li>\n<li>Mareigs.<\/li>\n<li>Afeccions respirat\u00f2ries&#8230;<\/li>\n<\/ul>\n<p>[\/vc_column_text][\/vc_column][vc_column offset=&#8221;vc_col-lg-6&#8243;][vc_single_image image=&#8221;6447&#8243; img_size=&#8221;full&#8221;][\/vc_column][\/vc_row][vc_row content_placement=&#8221;top&#8221; row_content_width=&#8221;grid&#8221; css=&#8221;.vc_custom_1599140341915{padding-top: 100px !important;padding-bottom: 77px !important;}&#8221; simple_background_color=&#8221;#fafafa&#8221; el_class=&#8221;mkd-booking-custom-class&#8221;][vc_column offset=&#8221;vc_col-lg-offset-0 vc_col-lg-8 vc_col-md-offset-0 vc_col-md-12 vc_col-sm-offset-0&#8243;][vc_column_text]<\/p>\n<h3><strong>QUIN PREU T\u00c9 AQUEST SERVEI?<\/strong><\/h3>\n<p>[\/vc_column_text][vc_empty_space height=&#8221;20px&#8221;]<div class=\"mkdf-pricing-tables mkdf-grid-list clearfix  mkdf-one-column mkdf-normal-space\"><div class=\"mkdf-pt-wrapper mkdf-outer-space\"><div class=\"mkdf-price-table mkdf-item-space\">\n\t<div class=\"mkdf-pt-inner\" >\n\t\t\t\t<ul>\n\t\t\t<li class=\"mkdf-pt-title-holder\">\n\t\t\t\t<span class=\"mkdf-pt-title\" >Sessi\u00f3 60 min.<\/span>\n\t\t\t<\/li>\n\t\t\t<li class=\"mkdf-pt-prices\">\n\t\t\t\t<sup class=\"mkdf-pt-value\" >\u20ac<\/sup>\n\t\t\t\t<span class=\"mkdf-pt-price\" >65<\/span>\n\t\t\t\t<h6 class=\"mkdf-pt-mark\" >monthly<\/h6>\n\t\t\t<\/li>\n\t\t\t<li class=\"mkdf-pt-content\">\n\t\t\t\tEl preu dels tractaments d\u2019osteopatia \u00e9s de 65\u20ac per sessi\u00f3 de 60 minuts.\t\t\t<\/li>\n\t\t\t\t\t<\/ul>\n\t<\/div>\n<\/div><\/div><\/div>[vc_empty_space height=&#8221;8px&#8221;][vc_column_text]<\/p>\n<h3><strong>VOLS TORNAR A SENTIR-TE B\u00c9?<\/strong><\/h3>\n<h5><em>El nostre comprom\u00eds \u00e9s total. Si est\u00e0s a punt de passar a l\u2019acci\u00f3, escriu-nos.<\/em><\/h5>\n<p>[\/vc_column_text][\/vc_column][vc_column offset=&#8221;vc_col-lg-offset-0 vc_col-lg-4 vc_col-md-offset-0 vc_col-md-6 vc_col-sm-offset-0&#8243;]\n<div class=\"wpcf7 no-js\" id=\"wpcf7-f6391-o1\" lang=\"en-US\" dir=\"ltr\" data-wpcf7-id=\"6391\">\n<div class=\"screen-reader-response\"><p role=\"status\" aria-live=\"polite\" aria-atomic=\"true\"><\/p> <ul><\/ul><\/div>\n<form action=\"\/ca\/wp-json\/wp\/v2\/pages\/6440#wpcf7-f6391-o1\" method=\"post\" class=\"wpcf7-form init\" aria-label=\"Contact form\" novalidate=\"novalidate\" data-status=\"init\">\n<fieldset class=\"hidden-fields-container\"><input type=\"hidden\" name=\"_wpcf7\" value=\"6391\" \/><input type=\"hidden\" name=\"_wpcf7_version\" value=\"6.1.5\" \/><input type=\"hidden\" name=\"_wpcf7_locale\" value=\"en_US\" \/><input type=\"hidden\" name=\"_wpcf7_unit_tag\" value=\"wpcf7-f6391-o1\" \/><input type=\"hidden\" name=\"_wpcf7_container_post\" value=\"0\" \/><input type=\"hidden\" name=\"_wpcf7_posted_data_hash\" value=\"\" \/><input type=\"hidden\" name=\"_wpcf7_recaptcha_response\" value=\"\" \/>\n<\/fieldset>\n<div class=\"mkdf-booking-form light at4BookingForm\">\n\t<div>\n\t\t<div class=\"mkdf-bf-motto\">\n\t\t\t<h6>Demanar Cita\n\t\t\t<\/h6>\n\t\t<\/div>\n\t\t<div class=\"mkdf-bf-title\">\n\t\t\t<h5>Ens hi posam?\n\t\t\t<\/h5>\n\t\t<\/div>\n\t\t<div class=\"mkdf-grid-row mkdf-grid-tiny-gutter\">\n\t\t\t<p>Sol\u00b7licita la teva cita en l\u00ednia accedint al nostre formulari de cita pr\u00e8via\n\t\t\t<\/p>\n\t\t\t<div>\n\t\t\t\t<p><a id=\"submit_comment\" class=\"btnSubmit\" href=\"https:\/\/www.mgsalutintegral.com\/ca\/contacte\/\">Demanar Cita<\/a>\n\t\t\t\t<\/p>\n\t\t\t<\/div>\n\t\t<\/div>\n\t<\/div>\n<\/div><div class=\"wpcf7-response-output\" aria-hidden=\"true\"><\/div>\n<\/form>\n<\/div>\n[vc_empty_space height=&#8221;62px&#8221;][\/vc_column][\/vc_row]<\/p>\n<\/div>","protected":false},"excerpt":{"rendered":"<p>[vc_row row_content_width=&#8221;grid&#8221; css=&#8221;.vc_custom_1599137843697{padding-top: 85px !important;padding-bottom: 60px !important;}&#8221; simple_background_color=&#8221;#f2f2f2&#8243;][vc_column offset=&#8221;vc_col-lg-offset-0 vc_col-lg-12&#8243;][vc_empty_space height=&#8221;28px&#8221;][\/vc_column][\/vc_row][vc_row gap=&#8221;30&#8243; content_placement=&#8221;middle&#8221; row_content_width=&#8221;grid&#8221; content_text_aligment=&#8221;left&#8221; css=&#8221;.vc_custom_1599139883661{margin-top: 30px !important;margin-bottom: 30px !important;}&#8221;][vc_column offset=&#8221;vc_col-lg-6&#8243;][vc_single_image image=&#8221;6446&#8243; img_size=&#8221;full&#8221; alignment=&#8221;center&#8221;][\/vc_column][vc_column offset=&#8221;vc_col-lg-6&#8243;][vc_column_text] Quin \u00e9s l\u2019objectiu de l\u2019osteopatia? L\u2019osteopatia \u00e9s la ci\u00e8ncia i l\u2019art de diagnosticar i tractar les disfuncions de mobilitat dels teixits del cos hum\u00e0. L\u2019objectiu final \u00e9s trobar el que anomenam lesi\u00f3 prim\u00e0ria: la que d\u00f3na origen a la disfunci\u00f3 o disfuncions i moltes vegades [&hellip;]<\/p>\n","protected":false},"author":6,"featured_media":0,"parent":0,"menu_order":0,"comment_status":"closed","ping_status":"closed","template":"full-width.php","meta":{"_joinchat":[],"footnotes":""},"class_list":["post-6440","page","type-page","status-publish","hentry"],"aioseo_notices":[],"_links":{"self":[{"href":"https:\/\/www.mgsalutintegral.com\/ca\/wp-json\/wp\/v2\/pages\/6440","targetHints":{"allow":["GET"]}}],"collection":[{"href":"https:\/\/www.mgsalutintegral.com\/ca\/wp-json\/wp\/v2\/pages"}],"about":[{"href":"https:\/\/www.mgsalutintegral.com\/ca\/wp-json\/wp\/v2\/types\/page"}],"author":[{"embeddable":true,"href":"https:\/\/www.mgsalutintegral.com\/ca\/wp-json\/wp\/v2\/users\/6"}],"replies":[{"embeddable":true,"href":"https:\/\/www.mgsalutintegral.com\/ca\/wp-json\/wp\/v2\/comments?post=6440"}],"version-history":[{"count":9,"href":"https:\/\/www.mgsalutintegral.com\/ca\/wp-json\/wp\/v2\/pages\/6440\/revisions"}],"predecessor-version":[{"id":7068,"href":"https:\/\/www.mgsalutintegral.com\/ca\/wp-json\/wp\/v2\/pages\/6440\/revisions\/7068"}],"wp:attachment":[{"href":"https:\/\/www.mgsalutintegral.com\/ca\/wp-json\/wp\/v2\/media?parent=6440"}],"curies":[{"name":"wp","href":"https:\/\/api.w.org\/{rel}","templated":true}]}}